{"id":83,"date":"2025-10-23T10:24:21","date_gmt":"2025-10-23T10:24:21","guid":{"rendered":"https:\/\/www.domainesaintantoine.be\/?page_id=83"},"modified":"2026-04-13T16:54:44","modified_gmt":"2026-04-13T15:54:44","slug":"infos","status":"publish","type":"page","link":"https:\/\/www.domainesaintantoine.be\/?page_id=83","title":{"rendered":"Infos pratiques"},"content":{"rendered":"\n<p class=\"has-text-color has-link-color has-small-font-size wp-elements-4573271019f5dd3e9880d0b650363034\" style=\"color:#1d3a1d\"><strong>\ud83d\udcc5 Dates :<\/strong> 3<sub><sup>\u00e8me<\/sup><\/sub> WE d&rsquo;avril et de septembre<br>        18 &amp; 19 avril 2026<br>        19 &amp; 20 septembre 2026<\/p>\n\n\n\n<p class=\"has-text-color has-link-color has-small-font-size wp-elements-a443f24e618fd417c3b70dad42524ac6\" style=\"color:#1d3a1d\"><strong>\u23f0 Horaires :<\/strong> 10h \u2013 18h<\/p>\n\n\n\n<p class=\"has-text-color has-link-color has-small-font-size wp-elements-41fb2eb6670242c0d6be1a18f449cbf1\" style=\"color:#1d3a1d\"><strong>\ud83d\udccd Lieu :<\/strong> Ch\u00e2teau Saint-Antoine,  rue du Ch\u00e2teau 1 &#8211; BE- 7760 Celles (Molenbaix)<\/p>\n\n\n\n<p class=\"has-text-color has-link-color has-small-font-size wp-elements-420e665920cdde23bf8090b496c207f1\" style=\"color:#1d3a1d\"><strong>\ud83d\udcb6 Entr\u00e9e :<\/strong> <br>&#8211; 9 \u20ac \u00e0 l&rsquo;entr\u00e9e \u2013 <strong>gratuit pour les moins de 16 ans<\/strong> <br>&#8211; 8 \u20ac en pr\u00e9-vente (via notre billeterie en ligne)<br>&#8211; 5 \u20ac \u00e9tudiant en \u00e9cole horticole sur pr\u00e9sentation de sa carte d&rsquo;\u00e9tudiant<\/p>\n\n\n\n<p class=\"has-text-color has-link-color has-small-font-size wp-elements-b98323a9a13901674075337fd3f4193b\" style=\"color:#1d3a1d\">\ud83d\udccc<strong>Infos pratiques<\/strong><br>&#8211; Privil\u00e9giez le CASH pour vos achats.<br>&#8211; RESTAURATION et boissons dans les jardins\/la cour du Ch\u00e2teau<br>&#8211; Service \u201cbrouettes\u201d par un mouvement de jeunesse pour le transport de vos achats pour le financement de&nbsp; leurs camps.<br>&#8211; Le PARKING sera \u00e9galement assur\u00e9 par cette m\u00eame jeunesse.<br>&#8211; Nos amis les CHIENS en laisse courte sont les bienvenus (n&rsquo;oubliez pas les sachets en plastique pour ne pas laisser de traces, merci).<\/p>\n\n\n\n<p class=\"has-text-color has-link-color has-small-font-size wp-elements-69b02fa987b4770789263d9dfa0d705f\" style=\"color:#1d3a1d\"><strong>PMR<\/strong>&nbsp;: Des places de parking pour les personnes \u00e0 mobilit\u00e9 r\u00e9duite sont r\u00e9serv\u00e9es \u00e0 l&rsquo;entr\u00e9e du parking P1 (\u00e0 droite en passant la grille en face de l&rsquo;\u00e9glise)  Les&nbsp;all\u00e9es du&nbsp;jardin sont accessibles aux fauteuils roulants. <\/p>\n\n\n\n<p class=\"has-text-color has-link-color wp-elements-d385f5793a202cf9446a7237fbf335dd\" style=\"color:#1d3a1d\"><strong><em>Plans d&rsquo;eau non surveill\u00e9<\/em>s. <em>L&rsquo;organisateur d\u00e9cline toute responsabilit\u00e9 en cas d&rsquo;accident<\/em>.<\/strong><\/p>\n\n\n\n<p class=\"has-text-color has-link-color has-medium-font-size wp-elements-36227d53c2ddcc0a663fe5d5ec5f6aea\" style=\"color:#287416\"><strong><em><mark style=\"background-color:rgba(0, 0, 0, 0)\" class=\"has-inline-color has-vivid-red-color\">Pour y aller :<\/mark><\/em><\/strong><\/p>\n\n\n\n<p class=\"has-text-align-left has-text-color has-link-color wp-elements-6ee956ded538f955337840fa75b53225\" style=\"color:#1d3a1d\"><strong><a href=\"https:\/\/www.google.com\/maps\/dir\/\/50.6932246,3.4297832\/@50.6939078,3.4255279,16z?entry=ttu&amp;g_ep=EgoyMDI2MDQwOC4wIKXMDSoASAFQAw%3D%3D\" target=\"_blank\" rel=\"noreferrer noopener\">Maps itin\u00e9raire<\/a><\/strong>  <\/p>\n\n\n\n<p class=\"has-text-align-left has-text-color has-link-color wp-elements-fd70c69d12166e72a8dd5aea308beb51\" style=\"color:#1d3a1d\"><strong><a href=\"https:\/\/www.waze.com\/fr\/live-map\/directions\/be\/region-wallonne\/celles\/molenbaix-place?to=place.ChIJizi_yT0fw0cRae3L7Kqnkj4\" target=\"_blank\" rel=\"noreferrer noopener\">Waze itin\u00e9raire<\/a><\/strong><\/p>\n\n\n\n<p class=\"has-text-color has-link-color has-small-font-size wp-elements-157416d664c13e2bda881984d6f4f808\" style=\"color:#287416\"><strong>Itin\u00e9raire<\/strong><br>Place de Molenbaix (Celles)<br>Entr\u00e9e en face de l&rsquo;\u00e9glise.<br>Depuis Bruxelles : E429-A8 sortie Renaix Celles N48<br>\u200bDepuis Mons : E42 sortie n\u00b0 33 Tournai + suivre Renaix Celles N48<br>Depuis Lille : E42 sortie n\u00b0 33 Tournai + suivre Renaix Celles N48<\/p>\n\n\n\n<p style=\"text-align: center;\"><iframe loading=\"lazy\" style=\"border: 0;\" src=\"https:\/\/www.google.com\/maps\/embed?pb=!1m18!1m12!1m3!1d80878.54783964007!2d3.375132166302337!3d50.69294761785932!2m3!1f0!2f0!3f0!3m2!1i1024!2i768!4f13.1!3m3!1m2!1s0x47c31f3e837250b7%3A0x85f83b78b23da632!2sCh%C3%A2teau%20Saint-Antoine!5e0!3m2!1sfr!2sbe!4v1763488829192!5m2!1sfr!2sbe\" width=\"600\" height=\"450\" allowfullscreen=\"allowfullscreen\"><\/iframe><\/p>\n","protected":false},"excerpt":{"rendered":"<p>\ud83d\udcc5 Dates : 3\u00e8me WE d&rsquo;avril et de septembre 18 &amp; 19 avril 2026 19 &amp; 20 septembre 2026 \u23f0 Horaires : 10h \u2013 18h \ud83d\udccd Lieu : Ch\u00e2teau Saint-Antoine, rue du Ch\u00e2teau 1 &#8211; BE- 7760 Celles (Molenbaix) \ud83d\udcb6 Entr\u00e9e : &#8211; 9 \u20ac \u00e0 l&rsquo;entr\u00e9e \u2013 gratuit pour les moins de 16 ans &hellip; <\/p>\n<p class=\"link-more\"><a href=\"https:\/\/www.domainesaintantoine.be\/?page_id=83\" class=\"more-link\">Continuer la lecture<span class=\"screen-reader-text\"> de &laquo;&nbsp;Infos pratiques&nbsp;&raquo;<\/span><\/a><\/p>\n","protected":false},"author":1,"featured_media":0,"parent":0,"menu_order":0,"comment_status":"closed","ping_status":"closed","template":"","meta":{"footnotes":"[]"},"class_list":["post-83","page","type-page","status-publish","hentry"],"_links":{"self":[{"href":"https:\/\/www.domainesaintantoine.be\/index.php?rest_route=\/wp\/v2\/pages\/83","targetHints":{"allow":["GET"]}}],"collection":[{"href":"https:\/\/www.domainesaintantoine.be\/index.php?rest_route=\/wp\/v2\/pages"}],"about":[{"href":"https:\/\/www.domainesaintantoine.be\/index.php?rest_route=\/wp\/v2\/types\/page"}],"author":[{"embeddable":true,"href":"https:\/\/www.domainesaintantoine.be\/index.php?rest_route=\/wp\/v2\/users\/1"}],"replies":[{"embeddable":true,"href":"https:\/\/www.domainesaintantoine.be\/index.php?rest_route=%2Fwp%2Fv2%2Fcomments&post=83"}],"version-history":[{"count":33,"href":"https:\/\/www.domainesaintantoine.be\/index.php?rest_route=\/wp\/v2\/pages\/83\/revisions"}],"predecessor-version":[{"id":1084,"href":"https:\/\/www.domainesaintantoine.be\/index.php?rest_route=\/wp\/v2\/pages\/83\/revisions\/1084"}],"wp:attachment":[{"href":"https:\/\/www.domainesaintantoine.be\/index.php?rest_route=%2Fwp%2Fv2%2Fmedia&parent=83"}],"curies":[{"name":"wp","href":"https:\/\/api.w.org\/{rel}","templated":true}]}}