{"id":314,"date":"2025-11-18T17:13:11","date_gmt":"2025-11-18T17:13:11","guid":{"rendered":"https:\/\/www.domainesaintantoine.be\/?page_id=314"},"modified":"2026-04-14T07:38:45","modified_gmt":"2026-04-14T06:38:45","slug":"liens-utiles","status":"publish","type":"page","link":"https:\/\/www.domainesaintantoine.be\/?page_id=314","title":{"rendered":"Liens utiles"},"content":{"rendered":"\n<h1 class=\"wp-block-heading\"><\/h1>\n\n\n\n<ul class=\"wp-block-list\">\n<li><a href=\"https:\/\/www.lafeuillerie.be\/\" target=\"_blank\" rel=\"noreferrer noopener\">La Feuillerie<\/a>&#8211; Le Jardin Remarquable qui a organis\u00e9 et port\u00e9 les 77 \u00e9ditions de cette F\u00eate des Plantes rares et de collection avant qu&rsquo;elle ne d\u00e9m\u00e9nage de Celles \u00e0 Molenbaix.<br>Ce manoir est actuellement en vente, avis aux amateurs de jardins, et pour le moment :<br>&#8211; L&rsquo;\u00e9v\u00e9nement RHODOS et AZAL\u00c9ES en FLEURS y a toujours lieu en mai &#8211; 10 mai 2026<br>&#8211; L&rsquo;\u00e9v\u00e9nement HORTENSIAS en F\u00caTE y a toujours lieu en juillet &#8211; 12 juillet 2026<br>&#8211; Le PARC est toujours visitable d&rsquo;avril \u00e0 octobre sur rendez-vous.<\/li>\n\n\n\n<li><a href=\"https:\/\/www.fwhnet.be\/agenda-des-rendez-vous\" target=\"_blank\" rel=\"noreferrer noopener\">Au Fil des Saisons\u00a0<\/a>&#8211; Agenda des Ev\u00e9nements horticoles et du jardin<\/li>\n\n\n\n<li>Adalia2.0 &#8211; <a href=\"https:\/\/printempsaunaturel.be\/\">Le printemps au naturel<\/a> &#8211; <a href=\"https:\/\/printempsaunaturel.be\/activity\/fete-des-plantes-au-chateau-saint-antoine-la-feuillerie\/\">Agenda<\/a> <\/li>\n\n\n\n<li><a href=\"http:\/\/www.jardinature.net\/agenda\/\" target=\"_blank\" rel=\"noreferrer noopener\">Jardinature<\/a>&nbsp;&#8211; L&rsquo;agenda de r\u00e9f\u00e9rence orient\u00e9 \u00ab\u00a0jardins et nature\u00a0\u00bb<\/li>\n\n\n\n<li><a href=\"http:\/\/www.jardins-du-nord.fr\/\" target=\"_blank\" rel=\"noreferrer noopener\">Jardins du Nord<\/a><\/li>\n\n\n\n<li><a href=\"http:\/\/www.jardinsouverts.be\/\" target=\"_blank\" rel=\"noreferrer noopener\">Jardins Ouverts<\/a>&nbsp;de Belgique<\/li>\n\n\n\n<li><a href=\"https:\/\/www.jardinsenpaysdeliege.be\/index.php\/fr\/\">Jardins en Pays de Li\u00e8ge<\/a> <\/li>\n\n\n\n<li><a href=\"http:\/\/www.jardinjungle.com\/\" target=\"_blank\" rel=\"noreferrer noopener\">Jardin Jungle Karlostachys<\/a>&nbsp;&#8211; Un jardin \u00e0 visiter en Normandie<\/li>\n\n\n\n<li><a href=\"http:\/\/jardindesericourt.com\/\" target=\"_blank\" rel=\"noreferrer noopener\">Les Jardins de Sericourt<\/a>&nbsp;&#8211; Lab\u00e9lis\u00e9 \u00ab\u00a0Jardin Remarquable\u00a0\u00bb<\/li>\n\n\n\n<li><a href=\"http:\/\/www.magiedesjardins.be\/\" target=\"_blank\" rel=\"noreferrer noopener\">Magie des Jardins<\/a>&nbsp;&#8211; tout sur les jardins, tout pour votre jardin.<\/li>\n\n\n\n<li><a href=\"https:\/\/laterreestunjardin.com\/\" target=\"_blank\" rel=\"noreferrer noopener\">La Terre est un Jardin<\/a>&nbsp;&#8211; 20 ans de journalisme, la passion du voyage et des jardins.<\/li>\n\n\n\n<li><a href=\"http:\/\/www.lesplusbeauxjardinsdefrance.com\/\" target=\"_blank\" rel=\"noreferrer noopener\">Les plus beaux jardins de France<\/a><\/li>\n\n\n\n<li><a href=\"http:\/\/www.vasterival.fr\/\" target=\"_blank\" rel=\"noreferrer noopener\">Vasterival<\/a>&nbsp;&#8211; Jardin de 9 ha, oeuvre de la Princesse Sturdza.<\/li>\n\n\n\n<li><a href=\"http:\/\/www.liensutiles.be\/\" target=\"_blank\" rel=\"noreferrer noopener\">Liens utiles<\/a>&nbsp;: Pour tout conna\u00eetre<\/li>\n\n\n\n<li><a href=\"http:\/\/www.edenmagazine.be\/\" target=\"_blank\" rel=\"noreferrer noopener\">Les jardins d&rsquo;Eden<\/a>&nbsp;&#8211; Le magazine des arts et de la culture du jardin<\/li>\n\n\n\n<li><a href=\"http:\/\/www.tuinagenda.be\/\" target=\"_blank\" rel=\"noreferrer noopener\">Tuinagenda&nbsp;&#8211;<\/a>&nbsp;Ev\u00e9nements pour amateurs de jardin&nbsp;<\/li>\n\n\n\n<li><a href=\"http:\/\/www.agendajardin.be\/\" target=\"_blank\" rel=\"noreferrer noopener\">Agenda Jardin&nbsp;&#8211;&nbsp;<\/a>Foires aux Plantes en Belgique et ailleurs<\/li>\n\n\n\n<li><a href=\"http:\/\/www.jardinsartetsoin.fr\/\" target=\"_blank\" rel=\"noreferrer noopener\">Art et Soin<\/a>&nbsp; &#8211; 200 jardins \u00e0 visiter en France<\/li>\n\n\n\n<li><a href=\"http:\/\/www.vvpv.be\/\" target=\"_blank\" rel=\"noreferrer noopener\">Vlaamse Vaste Planten Vereniging&nbsp;&#8211;<\/a>&nbsp;Association Plantes Vivaces<\/li>\n\n\n\n<li><a href=\"http:\/\/www.jardinier-amateur.fr\/\" target=\"_blank\" rel=\"noreferrer noopener\">Jardinier Amateur<\/a>&nbsp;&#8211; Jardinage et Conseils<\/li>\n\n\n\n<li><a href=\"http:\/\/www.tuinseizoen.com\/\" target=\"_blank\" rel=\"noreferrer noopener\">Tuin Seizoen<\/a>&nbsp;&#8211; Website du magazine Bloem &amp; Plant<\/li>\n\n\n\n<li><a href=\"http:\/\/www.derozenkring.be\/\" target=\"_blank\" rel=\"noreferrer noopener\">Rozenkring exclusief<\/a><\/li>\n\n\n\n<li><a href=\"https:\/\/rozenvrienden.be\/\" data-type=\"link\" data-id=\"https:\/\/rozenvrienden.be\/\" target=\"_blank\" rel=\"noreferrer noopener\">Rozenvrienden<\/a><\/li>\n\n\n\n<li><a href=\"http:\/\/www.dendrologie.be\/\" target=\"_blank\" rel=\"noreferrer noopener\">Dendrologie<\/a>&nbsp;&#8211; Site Web de la Soci\u00e9t\u00e9 Belge de Dendrologie<\/li>\n\n\n\n<li><a href=\"http:\/\/www.tuyauxdejardin.com\/\" target=\"_blank\" rel=\"noreferrer noopener\">Tuyaux de jardin<\/a><\/li>\n\n\n\n<li><a href=\"http:\/\/www.pajawa.be\/\" target=\"_blank\" rel=\"noreferrer noopener\">Parcs &amp; Jardin de Wallonie<\/a><\/li>\n<\/ul>\n\n\n\n<p><strong>HEBERGEMENTS<\/strong> potentiels<\/p>\n\n\n\n<ul class=\"wp-block-list\">\n<li><a href=\"https:\/\/chateaudelasauliniere.be\/fr\" target=\"_blank\" rel=\"noreferrer noopener\">https:\/\/chateaudelasauliniere.be\/fr<\/a><\/li>\n\n\n\n<li><a href=\"https:\/\/gitesdewallonie.be\/hebergements\/gite-rural\/celles\/la-ferme-denaye\/\" target=\"_blank\" rel=\"noreferrer noopener\">https:\/\/gitesdewallonie.be\/hebergements\/gite-rural\/celles\/la-ferme-denaye\/<\/a><\/li>\n\n\n\n<li><a href=\"https:\/\/www.bottin.be\/fr\/annuaire\/gite-a-celles-57018.htm\" target=\"_blank\" rel=\"noreferrer noopener\">https:\/\/www.bottin.be\/fr\/annuaire\/gite-a-celles-57018.htm<\/a><\/li>\n\n\n\n<li><a href=\"https:\/\/www.celles.be\/que-faire\/tourisme\/gite-et-maison-dhotes\" target=\"_blank\" rel=\"noreferrer noopener\">https:\/\/www.celles.be\/que-faire\/tourisme\/gite-et-maison-dhotes<\/a><\/li>\n\n\n\n<li><a href=\"https:\/\/gitemolembaix.jimdofree.com\/\" target=\"_blank\" rel=\"noreferrer noopener\">https:\/\/gitemolembaix.jimdofree.com\/<\/a><\/li>\n<\/ul>\n\n\n\n<p>Si vous voulez figurer dans cette rubrique merci de nous contacter.<\/p>\n\n\n\n<blockquote class=\"wp-block-quote is-layout-flow wp-block-quote-is-layout-flow\">\n<blockquote class=\"wp-block-quote is-layout-flow wp-block-quote-is-layout-flow\">\n<p>\u00ab Si vous poss\u00e9dez une biblioth\u00e8que et un jardin, vous avez tout ce qu\u2019il vous faut. \u00bb \u2014 Cic\u00e9ron<\/p>\n<\/blockquote>\n<\/blockquote>\n","protected":false},"excerpt":{"rendered":"<p>HEBERGEMENTS potentiels Si vous voulez figurer dans cette rubrique merci de nous contacter.<\/p>\n","protected":false},"author":1,"featured_media":0,"parent":0,"menu_order":0,"comment_status":"closed","ping_status":"closed","template":"","meta":{"footnotes":""},"class_list":["post-314","page","type-page","status-publish","hentry"],"_links":{"self":[{"href":"https:\/\/www.domainesaintantoine.be\/index.php?rest_route=\/wp\/v2\/pages\/314","targetHints":{"allow":["GET"]}}],"collection":[{"href":"https:\/\/www.domainesaintantoine.be\/index.php?rest_route=\/wp\/v2\/pages"}],"about":[{"href":"https:\/\/www.domainesaintantoine.be\/index.php?rest_route=\/wp\/v2\/types\/page"}],"author":[{"embeddable":true,"href":"https:\/\/www.domainesaintantoine.be\/index.php?rest_route=\/wp\/v2\/users\/1"}],"replies":[{"embeddable":true,"href":"https:\/\/www.domainesaintantoine.be\/index.php?rest_route=%2Fwp%2Fv2%2Fcomments&post=314"}],"version-history":[{"count":31,"href":"https:\/\/www.domainesaintantoine.be\/index.php?rest_route=\/wp\/v2\/pages\/314\/revisions"}],"predecessor-version":[{"id":1092,"href":"https:\/\/www.domainesaintantoine.be\/index.php?rest_route=\/wp\/v2\/pages\/314\/revisions\/1092"}],"wp:attachment":[{"href":"https:\/\/www.domainesaintantoine.be\/index.php?rest_route=%2Fwp%2Fv2%2Fmedia&parent=314"}],"curies":[{"name":"wp","href":"https:\/\/api.w.org\/{rel}","templated":true}]}}